{"id":75,"date":"2021-02-22T23:45:30","date_gmt":"2021-02-22T22:45:30","guid":{"rendered":"https:\/\/sommeruni.org\/?page_id=75"},"modified":"2026-03-31T13:01:46","modified_gmt":"2026-03-31T11:01:46","slug":"dozentinnen","status":"publish","type":"page","link":"https:\/\/sommeruni.org\/en\/dozentinnen\/","title":{"rendered":"Team"},"content":{"rendered":"\n<p>Das Team der internationalen Sommeruniversit\u00e4t besteht aus mehreren internationalen Wissenschaftler:innen, die f\u00fcr die Organisation und Durchf\u00fchrung der j\u00e4hrlichen Veranstaltung sowie f\u00fcr die Betreuung der Studierenden der jeweiligen Universit\u00e4ten verantwortlich ist. Daneben gibt es wechselnde Gastdozent:innen, die regelm\u00e4\u00dfig oder einmalig an der Sommeruniversit\u00e4t teilnehmen, indem sie Vortr\u00e4ge halten, Exkursionen anbieten oder sich an Diskussionsrunden beteiligen. <\/p>\n\n\n<div class=\"wp-block-image is-style-default\">\n<figure class=\"aligncenter size-full is-resized\"><img loading=\"lazy\" decoding=\"async\" width=\"1600\" height=\"900\" src=\"https:\/\/sommeruni.org\/wp-content\/uploads\/2022\/08\/cdb068a5-e2f3-47b7-95d1-f6bceb993663.jpg\" alt=\"\" class=\"wp-image-768\" style=\"width:768px\" srcset=\"https:\/\/sommeruni.org\/wp-content\/uploads\/2022\/08\/cdb068a5-e2f3-47b7-95d1-f6bceb993663.jpg 1600w, https:\/\/sommeruni.org\/wp-content\/uploads\/2022\/08\/cdb068a5-e2f3-47b7-95d1-f6bceb993663-300x169.jpg 300w, https:\/\/sommeruni.org\/wp-content\/uploads\/2022\/08\/cdb068a5-e2f3-47b7-95d1-f6bceb993663-1024x576.jpg 1024w, https:\/\/sommeruni.org\/wp-content\/uploads\/2022\/08\/cdb068a5-e2f3-47b7-95d1-f6bceb993663-768x432.jpg 768w, https:\/\/sommeruni.org\/wp-content\/uploads\/2022\/08\/cdb068a5-e2f3-47b7-95d1-f6bceb993663-1536x864.jpg 1536w\" sizes=\"auto, (max-width: 1600px) 100vw, 1600px\" \/><figcaption class=\"wp-element-caption\"><em>Das Team der Sommeruni 2023, hintere Reihe von links: Caroline E. Weber (SDU), Arne Suttkus (CAU), Jon Thulstrup (SDU); vordere Reihe von links: Thomas W. Friis (SDU), Nils Abraham (HSPV-NRW), Martin G\u00f6llnitz (UMR) und Hedwig Wagner (EUF)<\/em><\/figcaption><\/figure>\n<\/div>\n\n\n<hr class=\"wp-block-separator has-css-opacity is-style-wide\"\/>\n\n\n\n<div class=\"wp-block-columns is-layout-flex wp-container-core-columns-is-layout-9d6595d7 wp-block-columns-is-layout-flex\">\n<div class=\"wp-block-column is-layout-flow wp-block-column-is-layout-flow\"><div class=\"wp-block-image\">\n<figure class=\"aligncenter size-full is-resized\"><img loading=\"lazy\" decoding=\"async\" width=\"2316\" height=\"3088\" src=\"https:\/\/sommeruni.org\/wp-content\/uploads\/2022\/07\/IMG_4338.png\" alt=\"\" class=\"wp-image-625\" style=\"width:352px\" srcset=\"https:\/\/sommeruni.org\/wp-content\/uploads\/2022\/07\/IMG_4338.png 2316w, https:\/\/sommeruni.org\/wp-content\/uploads\/2022\/07\/IMG_4338-225x300.png 225w, https:\/\/sommeruni.org\/wp-content\/uploads\/2022\/07\/IMG_4338-768x1024.png 768w, https:\/\/sommeruni.org\/wp-content\/uploads\/2022\/07\/IMG_4338-1152x1536.png 1152w, https:\/\/sommeruni.org\/wp-content\/uploads\/2022\/07\/IMG_4338-1536x2048.png 1536w\" sizes=\"auto, (max-width: 2316px) 100vw, 2316px\" \/><\/figure>\n<\/div><\/div>\n\n\n\n<div class=\"wp-block-column is-vertically-aligned-center is-layout-flow wp-block-column-is-layout-flow\">\n<h4 class=\"wp-block-heading\">Dr. Martin G\u00f6llnitz<\/h4>\n\n\n\n<p>Postdoktorand und Gastwissenschaftler am Institut f\u00fcr Hessische Landesgeschichte der Universit\u00e4t Marburg sowie Assoziierter Wissenschaftler an der Universit\u00e4t Paderborn<\/p>\n\n\n\n<p><strong>Forschungsschwerpunkte<\/strong><br>&#8211; Geschichte Deutschlands und Skandinaviens in der Moderne<br>&#8211; Terrorismus-, Gewalt- und Politikgeschichte Nordeuropas<br>&#8211; Public History und Geschichtsvermittlung im digitalen Raum<br>&#8211; Kultur- und Popgeschichte<br><br><strong>Weitere Informationen<\/strong><br>&#8211; <a href=\"https:\/\/www.uni-marburg.de\/de\/fb06\/hessische-landesgeschichte\/institut\/personen\/martin-goellnitz\" target=\"_blank\" rel=\"noreferrer noopener\">Institutshomepage (UMR)<\/a><br>&#8211; <a href=\"https:\/\/www.martingoellnitz.de\/\" target=\"_blank\" rel=\"noreferrer noopener\">Private Homepage<\/a><br>&#8211; <a href=\"https:\/\/orcid.org\/0000-0002-3785-2958\" data-type=\"URL\" data-id=\"https:\/\/orcid.org\/0000-0002-3785-2958\">ORCID ID<\/a><\/p>\n<\/div>\n<\/div>\n\n\n\n<hr class=\"wp-block-separator has-alpha-channel-opacity\"\/>\n\n\n\n<div class=\"wp-block-columns is-layout-flex wp-container-core-columns-is-layout-9d6595d7 wp-block-columns-is-layout-flex\">\n<div class=\"wp-block-column is-layout-flow wp-block-column-is-layout-flow\"><div class=\"wp-block-image\">\n<figure class=\"aligncenter size-full is-resized\"><img loading=\"lazy\" decoding=\"async\" width=\"2560\" height=\"1704\" src=\"https:\/\/sommeruni.org\/wp-content\/uploads\/2021\/05\/49140170113_0840abdcd0_o-scaled.jpg\" alt=\"\" class=\"wp-image-374\" style=\"width:455px\" srcset=\"https:\/\/sommeruni.org\/wp-content\/uploads\/2021\/05\/49140170113_0840abdcd0_o-scaled.jpg 2560w, https:\/\/sommeruni.org\/wp-content\/uploads\/2021\/05\/49140170113_0840abdcd0_o-300x200.jpg 300w, https:\/\/sommeruni.org\/wp-content\/uploads\/2021\/05\/49140170113_0840abdcd0_o-1024x682.jpg 1024w, https:\/\/sommeruni.org\/wp-content\/uploads\/2021\/05\/49140170113_0840abdcd0_o-768x511.jpg 768w, https:\/\/sommeruni.org\/wp-content\/uploads\/2021\/05\/49140170113_0840abdcd0_o-1536x1022.jpg 1536w, https:\/\/sommeruni.org\/wp-content\/uploads\/2021\/05\/49140170113_0840abdcd0_o-2048x1363.jpg 2048w, https:\/\/sommeruni.org\/wp-content\/uploads\/2021\/05\/49140170113_0840abdcd0_o-930x620.jpg 930w\" sizes=\"auto, (max-width: 2560px) 100vw, 2560px\" \/><\/figure>\n<\/div><\/div>\n\n\n\n<div class=\"wp-block-column is-layout-flow wp-block-column-is-layout-flow\">\n<h4 class=\"wp-block-heading\">Dr. Thomas W. Friis<\/h4>\n\n\n\n<p>Associate Professor f\u00fcr neuere und neueste Geschichte an der S\u00fcdd\u00e4nischen Universit\u00e4t, Leiter des Zentrums f\u00fcr das Studium des Kalten Krieges und Gastwissenschaftler an der Universit\u00e4t Flensburg<\/p>\n\n\n\n<p><strong>Forschungsschwerpunkte<\/strong><br>&#8211; Geschichte Skandinaviens, Zentral- und Osteuropa im 20. und 21. Jh.<br>&#8211; Geschichte der Nachrichtendienste<br><br><strong>Weitere Informationen<\/strong><br>&#8211; <a rel=\"noreferrer noopener\" href=\"https:\/\/portal.findresearcher.sdu.dk\/da\/persons\/twfriis\" data-type=\"URL\" data-id=\"https:\/\/portal.findresearcher.sdu.dk\/da\/persons\/twfriis\" target=\"_blank\">Institutshomepage (SDU)<\/a><br>&#8211; <a href=\"https:\/\/orcid.org\/0000-0001-7106-2661\" data-type=\"URL\" data-id=\"https:\/\/orcid.org\/0000-0001-7106-2661\">ORCID ID<\/a><\/p>\n<\/div>\n<\/div>\n\n\n\n<hr class=\"wp-block-separator has-alpha-channel-opacity\"\/>\n\n\n\n<div class=\"wp-block-columns is-layout-flex wp-container-core-columns-is-layout-9d6595d7 wp-block-columns-is-layout-flex\">\n<div class=\"wp-block-column is-layout-flow wp-block-column-is-layout-flow\">\n<p><\/p>\n\n\n<div class=\"wp-block-image\">\n<figure class=\"aligncenter size-full is-resized\"><img loading=\"lazy\" decoding=\"async\" width=\"2560\" height=\"1704\" src=\"https:\/\/sommeruni.org\/wp-content\/uploads\/2022\/07\/Mogens-Nissen-edited-scaled.jpg\" alt=\"\" class=\"wp-image-637\" style=\"width:492px\" srcset=\"https:\/\/sommeruni.org\/wp-content\/uploads\/2022\/07\/Mogens-Nissen-edited-scaled.jpg 2560w, https:\/\/sommeruni.org\/wp-content\/uploads\/2022\/07\/Mogens-Nissen-edited-300x200.jpg 300w, https:\/\/sommeruni.org\/wp-content\/uploads\/2022\/07\/Mogens-Nissen-edited-1024x682.jpg 1024w, https:\/\/sommeruni.org\/wp-content\/uploads\/2022\/07\/Mogens-Nissen-edited-768x511.jpg 768w, https:\/\/sommeruni.org\/wp-content\/uploads\/2022\/07\/Mogens-Nissen-edited-1536x1023.jpg 1536w, https:\/\/sommeruni.org\/wp-content\/uploads\/2022\/07\/Mogens-Nissen-edited-2048x1364.jpg 2048w, https:\/\/sommeruni.org\/wp-content\/uploads\/2022\/07\/Mogens-Nissen-edited-930x620.jpg 930w\" sizes=\"auto, (max-width: 2560px) 100vw, 2560px\" \/><\/figure>\n<\/div><\/div>\n\n\n\n<div class=\"wp-block-column is-layout-flow wp-block-column-is-layout-flow\">\n<p><\/p>\n\n\n\n<h4 class=\"wp-block-heading\">Dr. Mogens R. Nissen<\/h4>\n\n\n\n<p>Leiter der Forschungsabteilung der D\u00e4nischen Zentralbibliothek in Flensburg<\/p>\n\n\n\n<p><strong>Forschungsschwerpunkte<\/strong><br>&#8211; Geschichte der d\u00e4nischen Minderheit in S\u00fcdschleswig<br><br><strong>Weitere Informationen<\/strong><br>&#8211; <a rel=\"noreferrer noopener\" href=\"https:\/\/www.dcbib.dk\/forskningsafdelingen\/medarbejdere\" data-type=\"URL\" data-id=\"https:\/\/www.dcbib.dk\/forskningsafdelingen\/medarbejdere\" target=\"_blank\">Homepage der D\u00e4nischen Zentralbibliothek<\/a><\/p>\n<\/div>\n<\/div>\n\n\n\n<hr class=\"wp-block-separator has-alpha-channel-opacity\"\/>\n\n\n\n<div class=\"wp-block-columns is-layout-flex wp-container-core-columns-is-layout-9d6595d7 wp-block-columns-is-layout-flex\">\n<div class=\"wp-block-column is-layout-flow wp-block-column-is-layout-flow\"><div class=\"wp-block-image\">\n<figure class=\"aligncenter size-full is-resized\"><img loading=\"lazy\" decoding=\"async\" width=\"1920\" height=\"2560\" src=\"https:\/\/sommeruni.org\/wp-content\/uploads\/2021\/08\/IMG_20210630_103355-1-scaled.jpg\" alt=\"\" class=\"wp-image-475\" style=\"width:314px\" srcset=\"https:\/\/sommeruni.org\/wp-content\/uploads\/2021\/08\/IMG_20210630_103355-1-scaled.jpg 1920w, https:\/\/sommeruni.org\/wp-content\/uploads\/2021\/08\/IMG_20210630_103355-1-225x300.jpg 225w, https:\/\/sommeruni.org\/wp-content\/uploads\/2021\/08\/IMG_20210630_103355-1-768x1024.jpg 768w, https:\/\/sommeruni.org\/wp-content\/uploads\/2021\/08\/IMG_20210630_103355-1-1152x1536.jpg 1152w, https:\/\/sommeruni.org\/wp-content\/uploads\/2021\/08\/IMG_20210630_103355-1-1536x2048.jpg 1536w\" sizes=\"auto, (max-width: 1920px) 100vw, 1920px\" \/><figcaption class=\"wp-element-caption\">Foto: Marieluise Abraham<\/figcaption><\/figure>\n<\/div><\/div>\n\n\n\n<div class=\"wp-block-column is-layout-flow wp-block-column-is-layout-flow\">\n<h4 class=\"wp-block-heading\">Prof. Dr. Nils Abraham<\/h4>\n\n\n\n<p>Professor f\u00fcr Politikwissenschaft und Sozialwissenschaften an der Hochschule f\u00fcr Polizei und \u00f6ffentliche Verwaltung Nordrhein-Westfalen<\/p>\n\n\n\n<p><strong>Forschungsschwerpunkte<\/strong><br>&#8211; Public Diplomacy und deutsch-deutsche Beziehungen<br>&#8211; Nordische Zeitgeschichte und Geschichte der DDR<br>&#8211; Tourismus- und Polizeigeschichte<br><br><strong>Weitere Informationen<\/strong><br>&#8211; <a rel=\"noreferrer noopener\" href=\"https:\/\/www.hspv.nrw.de\/organisation\/personalverzeichnis\/eintrag\/dr-nils-abraham\" data-type=\"URL\" data-id=\"https:\/\/www.hspv.nrw.de\/organisation\/personalverzeichnis\/eintrag\/dr-nils-abraham\" target=\"_blank\">Institutshomepage (HSPV-NRW)<\/a><br>&#8211; <a rel=\"noreferrer noopener\" href=\"https:\/\/de.linkedin.com\/in\/nils-abraham-5a3b2b10\" data-type=\"URL\" data-id=\"https:\/\/de.linkedin.com\/in\/nils-abraham-5a3b2b10\" target=\"_blank\">Linkedin Homepage<\/a><\/p>\n<\/div>\n<\/div>\n\n\n\n<hr class=\"wp-block-separator has-alpha-channel-opacity\"\/>\n\n\n\n<div class=\"wp-block-columns is-layout-flex wp-container-core-columns-is-layout-9d6595d7 wp-block-columns-is-layout-flex\">\n<div class=\"wp-block-column is-layout-flow wp-block-column-is-layout-flow\"><div class=\"wp-block-image\">\n<figure class=\"aligncenter size-full is-resized\"><img loading=\"lazy\" decoding=\"async\" width=\"1500\" height=\"1501\" src=\"https:\/\/sommeruni.org\/wp-content\/uploads\/2021\/08\/BildWagner-edited.jpg\" alt=\"\" class=\"wp-image-468\" style=\"width:375px\" srcset=\"https:\/\/sommeruni.org\/wp-content\/uploads\/2021\/08\/BildWagner-edited.jpg 1500w, https:\/\/sommeruni.org\/wp-content\/uploads\/2021\/08\/BildWagner-edited-300x300.jpg 300w, https:\/\/sommeruni.org\/wp-content\/uploads\/2021\/08\/BildWagner-edited-1024x1024.jpg 1024w, https:\/\/sommeruni.org\/wp-content\/uploads\/2021\/08\/BildWagner-edited-150x150.jpg 150w, https:\/\/sommeruni.org\/wp-content\/uploads\/2021\/08\/BildWagner-edited-768x769.jpg 768w\" sizes=\"auto, (max-width: 1500px) 100vw, 1500px\" \/><\/figure>\n<\/div><\/div>\n\n\n\n<div class=\"wp-block-column is-layout-flow wp-block-column-is-layout-flow\">\n<h4 class=\"wp-block-heading\">Prof. Dr. Hedwig Wagner<\/h4>\n\n\n\n<p>Professorin f\u00fcr Europ\u00e4ische Medienwissenschaft an der Universit\u00e4t Flensburg<\/p>\n\n\n\n<p><strong>Forschungsschwerpunkte<\/strong><br>&#8211; Europ\u00e4ische Medienwissenschaften<br>&#8211; Gender und Medien<br>&#8211; Medien und Erinnerung<br><br><strong>Weitere Informationen<\/strong><br>&#8211; <a rel=\"noreferrer noopener\" href=\"https:\/\/www.uni-flensburg.de\/germanistik\/wer-wir-sind\/alle-lehrenden\/wagner-hedwig-prof-dr\/\" data-type=\"URL\" data-id=\"https:\/\/www.uni-flensburg.de\/germanistik\/wer-wir-sind\/alle-lehrenden\/wagner-hedwig-prof-dr\/\" target=\"_blank\">Institutshomepage (EUF)<\/a><br>&#8211; <a href=\"https:\/\/orcid.org\/0000-0002-1548-7734\">ORCID ID<\/a><\/p>\n<\/div>\n<\/div>\n\n\n\n<hr class=\"wp-block-separator has-alpha-channel-opacity\"\/>\n\n\n\n<div class=\"wp-block-columns is-layout-flex wp-container-core-columns-is-layout-9d6595d7 wp-block-columns-is-layout-flex\">\n<div class=\"wp-block-column is-layout-flow wp-block-column-is-layout-flow\"><div class=\"wp-block-image\">\n<figure class=\"aligncenter size-full is-resized\"><img loading=\"lazy\" decoding=\"async\" width=\"2340\" height=\"2560\" src=\"https:\/\/sommeruni.org\/wp-content\/uploads\/2023\/08\/Rejhan-1-1-scaled.jpg\" alt=\"\" class=\"wp-image-854\" style=\"aspect-ratio:4\/3;object-fit:cover;width:460px\" srcset=\"https:\/\/sommeruni.org\/wp-content\/uploads\/2023\/08\/Rejhan-1-1-scaled.jpg 2340w, https:\/\/sommeruni.org\/wp-content\/uploads\/2023\/08\/Rejhan-1-1-274x300.jpg 274w, https:\/\/sommeruni.org\/wp-content\/uploads\/2023\/08\/Rejhan-1-1-936x1024.jpg 936w, https:\/\/sommeruni.org\/wp-content\/uploads\/2023\/08\/Rejhan-1-1-768x840.jpg 768w, https:\/\/sommeruni.org\/wp-content\/uploads\/2023\/08\/Rejhan-1-1-1404x1536.jpg 1404w, https:\/\/sommeruni.org\/wp-content\/uploads\/2023\/08\/Rejhan-1-1-1872x2048.jpg 1872w\" sizes=\"auto, (max-width: 2340px) 100vw, 2340px\" \/><\/figure>\n<\/div><\/div>\n\n\n\n<div class=\"wp-block-column is-layout-flow wp-block-column-is-layout-flow\">\n<h4 class=\"wp-block-heading\">Dr. Rejhan Bosnjak<\/h4>\n\n\n\n<p>Wissenschaftlicher Mitarbeiter an der Forschungsabteilung der D\u00e4nischen Zentralbibliothek in Flensburg<\/p>\n\n\n\n<p><strong>Forschungsschwerpunkte<\/strong><br>&#8211; Nationale Minderheiten<br>&#8211; Europ\u00e4ische Identit\u00e4ten und Kulturen<br>&#8211; Geschichte der deutsch-d\u00e4nischen Grenzregion<br><br><strong>Weitere Informationen<\/strong><br>&#8211; <a href=\"https:\/\/www.dcbib.dk\/sydslesvig-historie\/kontakt\/medarbejdere\">Homepage der D\u00e4nischen Zentralbibliothek<\/a><\/p>\n<\/div>\n<\/div>\n\n\n\n<hr class=\"wp-block-separator has-css-opacity is-style-wide\"\/>\n\n\n\n<div class=\"wp-block-columns is-layout-flex wp-container-core-columns-is-layout-9d6595d7 wp-block-columns-is-layout-flex\">\n<div class=\"wp-block-column is-layout-flow wp-block-column-is-layout-flow\"><div class=\"wp-block-image\">\n<figure class=\"aligncenter size-full is-resized\"><img loading=\"lazy\" decoding=\"async\" width=\"1313\" height=\"1313\" src=\"https:\/\/sommeruni.org\/wp-content\/uploads\/2021\/06\/MK_2018-edited.jpg\" alt=\"\" class=\"wp-image-430\" style=\"width:328px\" srcset=\"https:\/\/sommeruni.org\/wp-content\/uploads\/2021\/06\/MK_2018-edited.jpg 1313w, https:\/\/sommeruni.org\/wp-content\/uploads\/2021\/06\/MK_2018-edited-300x300.jpg 300w, https:\/\/sommeruni.org\/wp-content\/uploads\/2021\/06\/MK_2018-edited-1024x1024.jpg 1024w, https:\/\/sommeruni.org\/wp-content\/uploads\/2021\/06\/MK_2018-edited-150x150.jpg 150w, https:\/\/sommeruni.org\/wp-content\/uploads\/2021\/06\/MK_2018-edited-768x768.jpg 768w\" sizes=\"auto, (max-width: 1313px) 100vw, 1313px\" \/><\/figure>\n<\/div><\/div>\n\n\n\n<div class=\"wp-block-column is-layout-flow wp-block-column-is-layout-flow\">\n<h4 class=\"wp-block-heading\">Dr. Martin Klatt<\/h4>\n\n\n\n<p>Associate Professor und Leiter des Clusters \u201cDanish-German Minority Issues\u201d am European Centre for Minority Issues in Flensburg<\/p>\n\n\n\n<p><strong>Forschungsschwerpunkte<\/strong><br>&#8211; Nationale Minderheiten in Europa<br>&#8211; Geschichte der Entwicklung im deutsch-d\u00e4nischen Grenzraum<br><br><strong>Weitere Informationen<\/strong><br>&#8211; <a href=\"https:\/\/www.ecmi.de\/the-centre\/about-us\/people\/martin-klatt\">Institutshomepage (ECMI)<\/a><br>&#8211; <a href=\"https:\/\/orcid.org\/0000-0003-0602-8541\">ORCID ID<\/a><\/p>\n<\/div>\n<\/div>\n\n\n\n<hr class=\"wp-block-separator has-alpha-channel-opacity\"\/>\n\n\n\n<div class=\"wp-block-columns is-layout-flex wp-container-core-columns-is-layout-9d6595d7 wp-block-columns-is-layout-flex\">\n<div class=\"wp-block-column is-layout-flow wp-block-column-is-layout-flow\"><div class=\"wp-block-image\">\n<figure class=\"aligncenter size-full is-resized\"><img loading=\"lazy\" decoding=\"async\" width=\"219\" height=\"291\" src=\"https:\/\/sommeruni.org\/wp-content\/uploads\/2021\/06\/Joergen-Kuehl-20101965.jpg\" alt=\"\" class=\"wp-image-426\" style=\"width:219px\"\/><\/figure>\n<\/div><\/div>\n\n\n\n<div class=\"wp-block-column is-layout-flow wp-block-column-is-layout-flow\">\n<h4 class=\"wp-block-heading\">Prof. Dr. J\u00f8rgen K\u00fchl<\/h4>\n\n\n\n<p>Gr\u00fcndungsdirektor der A.P. M\u00f8ller Skolen in Schleswig (2006-2021) und Honorarprofessor f\u00fcr Minderheitenforschung am Friesischen Seminar der Universit\u00e4t Flensburg<\/p>\n\n\n\n<p><strong>Forschungsschwerpunkte<\/strong><br>&#8211; Osteurop\u00e4ische, sowjetische und postsowjetische Geschichte des 20. Jh.<br>&#8211; Europ\u00e4ische und deutsche Zeitgeschichte<br>&#8211; Geschichte des Danewerks und der Museologie<br>&#8211; Geschichte und Gegenwart des deutsch-d\u00e4nischen Grenzlandes<br><br><strong>Weitere Informationen<\/strong><br>&#8211; <a rel=\"noreferrer noopener\" href=\"https:\/\/www.uni-flensburg.de\/friesisch\/wer-wir-sind\/personen\/prof-dr-joergen-kuehl\/#unfold-c70427\" data-type=\"URL\" data-id=\"https:\/\/www.uni-flensburg.de\/friesisch\/wer-wir-sind\/personen\/prof-dr-joergen-kuehl\/#unfold-c70427\" target=\"_blank\">Institutshomepage (EUF)<\/a><\/p>\n<\/div>\n<\/div>\n\n\n\n<hr class=\"wp-block-separator has-alpha-channel-opacity\"\/>\n\n\n\n<div class=\"wp-block-columns is-layout-flex wp-container-core-columns-is-layout-9d6595d7 wp-block-columns-is-layout-flex\">\n<div class=\"wp-block-column is-layout-flow wp-block-column-is-layout-flow\"><div class=\"wp-block-image\">\n<figure class=\"aligncenter size-full is-resized\"><img loading=\"lazy\" decoding=\"async\" width=\"1500\" height=\"1000\" src=\"https:\/\/sommeruni.org\/wp-content\/uploads\/2021\/08\/image0-1.jpeg\" alt=\"\" class=\"wp-image-465\" style=\"width:473px\" srcset=\"https:\/\/sommeruni.org\/wp-content\/uploads\/2021\/08\/image0-1.jpeg 1500w, https:\/\/sommeruni.org\/wp-content\/uploads\/2021\/08\/image0-1-300x200.jpeg 300w, https:\/\/sommeruni.org\/wp-content\/uploads\/2021\/08\/image0-1-1024x683.jpeg 1024w, https:\/\/sommeruni.org\/wp-content\/uploads\/2021\/08\/image0-1-768x512.jpeg 768w, https:\/\/sommeruni.org\/wp-content\/uploads\/2021\/08\/image0-1-930x620.jpeg 930w\" sizes=\"auto, (max-width: 1500px) 100vw, 1500px\" \/><\/figure>\n<\/div><\/div>\n\n\n\n<div class=\"wp-block-column is-layout-flow wp-block-column-is-layout-flow\">\n<h4 class=\"wp-block-heading\">Dr. Jon Thulstrup<\/h4>\n\n\n\n<p>Historiker<\/p>\n\n\n\n<p><strong>Forschungsschwerpunkte<\/strong><br>&#8211; Erinnerungskultur<br>&#8211; Geschichte der deutschen Minderheit in D\u00e4nemark<br><br><strong>Weitere Informationen<\/strong><br>&#8211; <a href=\"https:\/\/orcid.org\/0000-0002-8743-9563\">ORCID ID<\/a><\/p>\n\n\n\n<p><\/p>\n<\/div>\n<\/div>\n\n\n\n<hr class=\"wp-block-separator has-alpha-channel-opacity\"\/>\n\n\n\n<div class=\"wp-block-columns is-layout-flex wp-container-core-columns-is-layout-9d6595d7 wp-block-columns-is-layout-flex\">\n<div class=\"wp-block-column is-layout-flow wp-block-column-is-layout-flow\"><div class=\"wp-block-image\">\n<figure class=\"aligncenter size-full\"><img loading=\"lazy\" decoding=\"async\" width=\"896\" height=\"670\" src=\"https:\/\/sommeruni.org\/wp-content\/uploads\/2026\/03\/Klaus-Petersen.jpg\" alt=\"\" class=\"wp-image-1054\" srcset=\"https:\/\/sommeruni.org\/wp-content\/uploads\/2026\/03\/Klaus-Petersen.jpg 896w, https:\/\/sommeruni.org\/wp-content\/uploads\/2026\/03\/Klaus-Petersen-300x224.jpg 300w, https:\/\/sommeruni.org\/wp-content\/uploads\/2026\/03\/Klaus-Petersen-768x574.jpg 768w\" sizes=\"auto, (max-width: 896px) 100vw, 896px\" \/><\/figure>\n<\/div><\/div>\n\n\n\n<div class=\"wp-block-column is-layout-flow wp-block-column-is-layout-flow\">\n<h4 class=\"wp-block-heading\">Klaus Tolstrup Petersen<\/h4>\n\n\n\n<p>Historiker und Mitarbeiter an der D\u00e4nischen Zentralbibliothek f\u00fcr S\u00fcdschleswig in Flensburg<\/p>\n\n\n\n<p><strong>Forschungsschwerpunkte<\/strong><br>&#8211; Geschichte der nationalen Entwicklung in Nordschleswig<br>&#8211; Verh\u00e4ltnis zwischen D\u00e4nemark und der d\u00e4nischen Minderheit<br><br><strong>Weitere Informationen<\/strong><br>&#8211; <a href=\"https:\/\/www.dcbib.dk\/sydslesvig-historie\/medarbejdere\/klaus-tolstrup-petersen\">Homepage der D\u00e4nischen Zentralbibliothek<\/a><\/p>\n<\/div>\n<\/div>\n\n\n\n<hr class=\"wp-block-separator has-alpha-channel-opacity\"\/>\n\n\n\n<div class=\"wp-block-columns is-layout-flex wp-container-core-columns-is-layout-9d6595d7 wp-block-columns-is-layout-flex\">\n<div class=\"wp-block-column is-layout-flow wp-block-column-is-layout-flow\"><div class=\"wp-block-image\">\n<figure class=\"aligncenter size-full is-resized\"><img loading=\"lazy\" decoding=\"async\" width=\"2065\" height=\"2560\" src=\"https:\/\/sommeruni.org\/wp-content\/uploads\/2026\/03\/Lindberg_Hanna1-scaled.jpg\" alt=\"\" class=\"wp-image-1053\" style=\"width:335px\" srcset=\"https:\/\/sommeruni.org\/wp-content\/uploads\/2026\/03\/Lindberg_Hanna1-scaled.jpg 2065w, https:\/\/sommeruni.org\/wp-content\/uploads\/2026\/03\/Lindberg_Hanna1-242x300.jpg 242w, https:\/\/sommeruni.org\/wp-content\/uploads\/2026\/03\/Lindberg_Hanna1-826x1024.jpg 826w, https:\/\/sommeruni.org\/wp-content\/uploads\/2026\/03\/Lindberg_Hanna1-768x952.jpg 768w, https:\/\/sommeruni.org\/wp-content\/uploads\/2026\/03\/Lindberg_Hanna1-1239x1536.jpg 1239w, https:\/\/sommeruni.org\/wp-content\/uploads\/2026\/03\/Lindberg_Hanna1-1652x2048.jpg 1652w\" sizes=\"auto, (max-width: 2065px) 100vw, 2065px\" \/><\/figure>\n<\/div><\/div>\n\n\n\n<div class=\"wp-block-column is-layout-flow wp-block-column-is-layout-flow\">\n<h4 class=\"wp-block-heading\">Hanna Lindberg<\/h4>\n\n\n\n<p>Senior Researcher f\u00fcr Geschichte an der \u00c5bo Akademi University<\/p>\n\n\n\n<p><strong>Forschungsschwerpunkte<\/strong><br>&#8211; Sozial- und Bildungsgeschichte<br>&#8211; Geschichte von Minderheiten<br>&#8211; Geschichte der Finnlandschweden<br>&#8211; Zeitgeschichte<br><br><strong>Weitere Informationen<\/strong><br>&#8211; <a href=\"https:\/\/www.abo.fi\/en\/contact\/hanna-lindberg\/\">Homepage (\u00c5bo Akademi University)<\/a><\/p>\n<\/div>\n<\/div>\n\n\n\n<hr class=\"wp-block-separator has-alpha-channel-opacity\"\/>\n\n\n\n<div class=\"wp-block-columns is-layout-flex wp-container-core-columns-is-layout-9d6595d7 wp-block-columns-is-layout-flex\">\n<div class=\"wp-block-column is-layout-flow wp-block-column-is-layout-flow\"><div class=\"wp-block-image\">\n<figure class=\"aligncenter size-full is-resized\"><img loading=\"lazy\" decoding=\"async\" width=\"600\" height=\"600\" src=\"https:\/\/sommeruni.org\/wp-content\/uploads\/2025\/03\/0000029640.jpg\" alt=\"\" class=\"wp-image-1027\" style=\"aspect-ratio:4\/3;object-fit:cover;width:512px\" srcset=\"https:\/\/sommeruni.org\/wp-content\/uploads\/2025\/03\/0000029640.jpg 600w, https:\/\/sommeruni.org\/wp-content\/uploads\/2025\/03\/0000029640-300x300.jpg 300w, https:\/\/sommeruni.org\/wp-content\/uploads\/2025\/03\/0000029640-150x150.jpg 150w\" sizes=\"auto, (max-width: 600px) 100vw, 600px\" \/><\/figure>\n<\/div><\/div>\n\n\n\n<div class=\"wp-block-column is-layout-flow wp-block-column-is-layout-flow\">\n<h4 class=\"wp-block-heading\">Laura Pottzuweit, M.A.<\/h4>\n\n\n\n<p>Wissenschaftliche Mitarbeiterin an der Abt. f\u00fcr Regionalgeschichte der Universit\u00e4t Kiel<\/p>\n\n\n\n<p><strong>Forschungsschwerpunkte<\/strong><br>&#8211; Diplomatiegeschichte<br>&#8211; Fu\u00dfballgeschichte<br>&#8211; Geschichte Skandinaviens<br>&#8211; Historische Netzwerke<br>&#8211; Reichsgeschichte<br><br><strong>Weitere Informationen<\/strong><br>&#8211; <a href=\"https:\/\/www.histsem.uni-kiel.de\/de\/das-institut-1\/abteilungen\/regionalgeschichte-mit-schwerpunkt-schleswig-holstein\/mitarbeiterinnen-und-mitarbeiter\/laura-potzuweit-m-a\" data-type=\"link\" data-id=\"https:\/\/www.histsem.uni-kiel.de\/de\/das-institut-1\/abteilungen\/regionalgeschichte-mit-schwerpunkt-schleswig-holstein\/mitarbeiterinnen-und-mitarbeiter\/laura-potzuweit-m-a\">Institutshomepage (CAU)<\/a><\/p>\n<\/div>\n<\/div>\n\n\n\n<hr class=\"wp-block-separator has-alpha-channel-opacity\"\/>\n\n\n\n<div class=\"wp-block-columns is-layout-flex wp-container-core-columns-is-layout-9d6595d7 wp-block-columns-is-layout-flex\">\n<div class=\"wp-block-column is-layout-flow wp-block-column-is-layout-flow\"><div class=\"wp-block-image\">\n<figure class=\"aligncenter size-full is-resized\"><img loading=\"lazy\" decoding=\"async\" width=\"2040\" height=\"1536\" src=\"https:\/\/sommeruni.org\/wp-content\/uploads\/2026\/03\/PHOTO-2026-03-31-13-00-24.jpg\" alt=\"\" class=\"wp-image-1087\" style=\"aspect-ratio:4\/3;object-fit:contain;width:512px\" srcset=\"https:\/\/sommeruni.org\/wp-content\/uploads\/2026\/03\/PHOTO-2026-03-31-13-00-24.jpg 2040w, https:\/\/sommeruni.org\/wp-content\/uploads\/2026\/03\/PHOTO-2026-03-31-13-00-24-300x226.jpg 300w, https:\/\/sommeruni.org\/wp-content\/uploads\/2026\/03\/PHOTO-2026-03-31-13-00-24-1024x771.jpg 1024w, https:\/\/sommeruni.org\/wp-content\/uploads\/2026\/03\/PHOTO-2026-03-31-13-00-24-768x578.jpg 768w, https:\/\/sommeruni.org\/wp-content\/uploads\/2026\/03\/PHOTO-2026-03-31-13-00-24-1536x1157.jpg 1536w\" sizes=\"auto, (max-width: 2040px) 100vw, 2040px\" \/><\/figure>\n<\/div><\/div>\n\n\n\n<div class=\"wp-block-column is-layout-flow wp-block-column-is-layout-flow\">\n<h4 class=\"wp-block-heading\">Julia Quast, M.A.<\/h4>\n\n\n\n<p>Wissenschaftliche Mitarbeiterin am Arbeitsbereich Zeitgeschichte der Universit\u00e4t Paderborn<\/p>\n\n\n\n<p><strong>Forschungsschwerpunkte<\/strong><br>&#8211; Erinnerungskultur<br>&#8211; Geschichte in Spielen und Digitalen Medien<br>&#8211; Geschichte des Nationalsozialismus und seine Tradierungslinien<br>&#8211; Geschichtstheorie<br>&#8211; Geschichte und Medialit\u00e4t<br><br><strong>Weitere Informationen<\/strong><br>&#8211; <a href=\"https:\/\/www.uni-paderborn.de\/person\/102451\">Institutshomepage (UPB)<\/a><br>&#8211; <a href=\"https:\/\/orcid.org\/0009-0006-4534-9347\">ORCID ID<\/a><\/p>\n<\/div>\n<\/div>\n\n\n\n<hr class=\"wp-block-separator has-alpha-channel-opacity\"\/>\n\n\n\n<h2 class=\"wp-block-heading has-text-align-center\">Aktuelle Kooperationspartner<\/h2>\n\n\n\n<div class=\"wp-block-columns is-layout-flex wp-container-core-columns-is-layout-9d6595d7 wp-block-columns-is-layout-flex\">\n<div class=\"wp-block-column is-layout-flow wp-block-column-is-layout-flow\"><div class=\"wp-block-image\">\n<figure class=\"aligncenter size-large\"><img loading=\"lazy\" decoding=\"async\" width=\"1024\" height=\"724\" src=\"https:\/\/sommeruni.org\/wp-content\/uploads\/2023\/10\/Logo-Sammlung-1024x724.jpg\" alt=\"\" class=\"wp-image-929\" srcset=\"https:\/\/sommeruni.org\/wp-content\/uploads\/2023\/10\/Logo-Sammlung-1024x724.jpg 1024w, https:\/\/sommeruni.org\/wp-content\/uploads\/2023\/10\/Logo-Sammlung-300x212.jpg 300w, https:\/\/sommeruni.org\/wp-content\/uploads\/2023\/10\/Logo-Sammlung-768x543.jpg 768w, https:\/\/sommeruni.org\/wp-content\/uploads\/2023\/10\/Logo-Sammlung-1536x1086.jpg 1536w, https:\/\/sommeruni.org\/wp-content\/uploads\/2023\/10\/Logo-Sammlung-2048x1448.jpg 2048w\" sizes=\"auto, (max-width: 1024px) 100vw, 1024px\" \/><\/figure>\n<\/div><\/div>\n<\/div>\n\n\n\n<hr class=\"wp-block-separator has-alpha-channel-opacity\"\/>\n\n\n\n<h2 class=\"wp-block-heading has-text-align-center\">Ehemalige Kooperationspartner<\/h2>\n\n\n\n<p>Arbeitsbereich Nordische Geschichte der Universit\u00e4t Greifswald<br>Arbeitsbereich Zeitgeschichte der Universit\u00e4t Mainz<br>Lehrstuhl f\u00fcr Geschichte Nordeuropas der Universit\u00e4t Kiel<\/p>\n","protected":false},"excerpt":{"rendered":"<p>Das Team der internationalen Sommeruniversit\u00e4t besteht aus mehreren internationalen Wissenschaftler:innen, die f\u00fcr die Organisation und Durchf\u00fchrung der j\u00e4hrlichen Veranstaltung sowie f\u00fcr die Betreuung der Studierenden der jeweiligen Universit\u00e4ten verantwortlich ist. Daneben gibt es wechselnde Gastdozent:innen, die regelm\u00e4\u00dfig oder einmalig an der Sommeruniversit\u00e4t teilnehmen, indem sie Vortr\u00e4ge halten, Exkursionen anbieten oder sich an Diskussionsrunden beteiligen. Dr.&hellip;&nbsp;<a href=\"https:\/\/sommeruni.org\/en\/dozentinnen\/\" rel=\"bookmark\">Read More &raquo;<span class=\"screen-reader-text\">Team<\/span><\/a><\/p>\n","protected":false},"author":1,"featured_media":0,"parent":0,"menu_order":0,"comment_status":"closed","ping_status":"closed","template":"","meta":{"neve_meta_sidebar":"full-width","neve_meta_container":"","neve_meta_enable_content_width":"on","neve_meta_content_width":100,"neve_meta_title_alignment":"","neve_meta_author_avatar":"","neve_post_elements_order":"","neve_meta_disable_header":"","neve_meta_disable_footer":"","neve_meta_disable_title":"","footnotes":""},"class_list":["post-75","page","type-page","status-publish","hentry"],"translation":{"provider":"WPGlobus","version":"3.0.2","language":"en","enabled_languages":["de","en"],"languages":{"de":{"title":true,"content":true,"excerpt":false},"en":{"title":false,"content":false,"excerpt":false}}},"_links":{"self":[{"href":"https:\/\/sommeruni.org\/en\/wp-json\/wp\/v2\/pages\/75","targetHints":{"allow":["GET"]}}],"collection":[{"href":"https:\/\/sommeruni.org\/en\/wp-json\/wp\/v2\/pages"}],"about":[{"href":"https:\/\/sommeruni.org\/en\/wp-json\/wp\/v2\/types\/page"}],"author":[{"embeddable":true,"href":"https:\/\/sommeruni.org\/en\/wp-json\/wp\/v2\/users\/1"}],"replies":[{"embeddable":true,"href":"https:\/\/sommeruni.org\/en\/wp-json\/wp\/v2\/comments?post=75"}],"version-history":[{"count":10,"href":"https:\/\/sommeruni.org\/en\/wp-json\/wp\/v2\/pages\/75\/revisions"}],"predecessor-version":[{"id":1088,"href":"https:\/\/sommeruni.org\/en\/wp-json\/wp\/v2\/pages\/75\/revisions\/1088"}],"wp:attachment":[{"href":"https:\/\/sommeruni.org\/en\/wp-json\/wp\/v2\/media?parent=75"}],"curies":[{"name":"wp","href":"https:\/\/api.w.org\/{rel}","templated":true}]}}